{"id":132,"date":"2014-11-21T12:14:11","date_gmt":"2014-11-21T10:14:11","guid":{"rendered":"http:\/\/www.ludwig-die-stadtmaus.de\/?page_id=132"},"modified":"2024-01-11T09:45:41","modified_gmt":"2024-01-11T07:45:41","slug":"das-buch","status":"publish","type":"page","link":"https:\/\/www.ludwig-die-stadtmaus.de\/?page_id=132","title":{"rendered":"Die B\u00fccher"},"content":{"rendered":"<p><strong>Ludwig die Stadtmaus &#8211; Stadtgeschichten f\u00fcr Kinder in Rastatt <\/strong><br \/>\nLudwig die Stadtmaus erlebt mit seinen Freunden Siri, der Schlossmaus und Matteo, dem Turmfalken Rastatt in der Zeit des Markgrafen Ludwig Wilhelm und der Markgr\u00e4fin Sibylla Augusta. Die Tiere beobachten den Bau des Rastatter Schlosses, erleben manches Abenteuer in der Schlossk\u00fcche und erkunden das Schloss vom Ahnensaal bis zum Goldenen Mann.<\/p>\n<h4><a href=\"https:\/\/i0.wp.com\/www.ludwig-die-stadtmaus.de\/wp-content\/uploads\/2014\/11\/Cover-Stadtmaus_low.jpg\"><img data-recalc-dims=\"1\" loading=\"lazy\" decoding=\"async\" data-attachment-id=\"142\" data-permalink=\"https:\/\/www.ludwig-die-stadtmaus.de\/?attachment_id=142\" data-orig-file=\"https:\/\/i0.wp.com\/www.ludwig-die-stadtmaus.de\/wp-content\/uploads\/2014\/11\/Cover-Stadtmaus_low.jpg?fit=1500%2C1925&amp;ssl=1\" data-orig-size=\"1500,1925\" data-comments-opened=\"1\" data-image-meta=\"{&quot;aperture&quot;:&quot;0&quot;,&quot;credit&quot;:&quot;&quot;,&quot;camera&quot;:&quot;&quot;,&quot;caption&quot;:&quot;&quot;,&quot;created_timestamp&quot;:&quot;0&quot;,&quot;copyright&quot;:&quot;&quot;,&quot;focal_length&quot;:&quot;0&quot;,&quot;iso&quot;:&quot;0&quot;,&quot;shutter_speed&quot;:&quot;0&quot;,&quot;title&quot;:&quot;&quot;,&quot;orientation&quot;:&quot;0&quot;}\" data-image-title=\"Cover-Stadtmaus_low\" data-image-description=\"\" data-image-caption=\"\" data-large-file=\"https:\/\/i0.wp.com\/www.ludwig-die-stadtmaus.de\/wp-content\/uploads\/2014\/11\/Cover-Stadtmaus_low.jpg?fit=640%2C822&amp;ssl=1\" class=\"alignleft wp-image-142 size-medium\" src=\"https:\/\/i0.wp.com\/www.ludwig-die-stadtmaus.de\/wp-content\/uploads\/2014\/11\/Cover-Stadtmaus_low-233x300.jpg?resize=233%2C300\" alt=\"Cover-Stadtmaus_low\" width=\"233\" height=\"300\" srcset=\"https:\/\/i0.wp.com\/www.ludwig-die-stadtmaus.de\/wp-content\/uploads\/2014\/11\/Cover-Stadtmaus_low.jpg?resize=233%2C300&amp;ssl=1 233w, https:\/\/i0.wp.com\/www.ludwig-die-stadtmaus.de\/wp-content\/uploads\/2014\/11\/Cover-Stadtmaus_low.jpg?resize=797%2C1024&amp;ssl=1 797w, https:\/\/i0.wp.com\/www.ludwig-die-stadtmaus.de\/wp-content\/uploads\/2014\/11\/Cover-Stadtmaus_low.jpg?w=1500&amp;ssl=1 1500w, https:\/\/i0.wp.com\/www.ludwig-die-stadtmaus.de\/wp-content\/uploads\/2014\/11\/Cover-Stadtmaus_low.jpg?w=1280&amp;ssl=1 1280w\" sizes=\"auto, (max-width: 233px) 100vw, 233px\" \/><\/a><br \/>\n<em><strong>Ludwig die Stadtmaus<\/strong><br \/>\nStadtgeschichten f\u00fcr Kinder in Rastatt<br \/>\nHardcover<br \/>\nUmfang: 64 Seiten<br \/>\nFormat: 210 x 280 mm<br \/>\nAutor: Hans Peter Faller<br \/>\nErscheinungsjahr: 2013<\/em><\/h4>\n<p><strong>EUR 16,90<\/strong><\/p>\n<p>&nbsp;<\/p>\n<p>&nbsp;<\/p>\n<h4><a href=\"https:\/\/i0.wp.com\/www.ludwig-die-stadtmaus.de\/wp-content\/uploads\/2014\/11\/Cover-Stadtmaus-itly_low.jpg\"><img data-recalc-dims=\"1\" loading=\"lazy\" decoding=\"async\" data-attachment-id=\"141\" data-permalink=\"https:\/\/www.ludwig-die-stadtmaus.de\/?attachment_id=141\" data-orig-file=\"https:\/\/i0.wp.com\/www.ludwig-die-stadtmaus.de\/wp-content\/uploads\/2014\/11\/Cover-Stadtmaus-itly_low.jpg?fit=1500%2C1911&amp;ssl=1\" data-orig-size=\"1500,1911\" data-comments-opened=\"1\" data-image-meta=\"{&quot;aperture&quot;:&quot;0&quot;,&quot;credit&quot;:&quot;&quot;,&quot;camera&quot;:&quot;&quot;,&quot;caption&quot;:&quot;&quot;,&quot;created_timestamp&quot;:&quot;0&quot;,&quot;copyright&quot;:&quot;&quot;,&quot;focal_length&quot;:&quot;0&quot;,&quot;iso&quot;:&quot;0&quot;,&quot;shutter_speed&quot;:&quot;0&quot;,&quot;title&quot;:&quot;&quot;,&quot;orientation&quot;:&quot;0&quot;}\" data-image-title=\"Cover-Stadtmaus-itly_low\" data-image-description=\"\" data-image-caption=\"\" data-large-file=\"https:\/\/i0.wp.com\/www.ludwig-die-stadtmaus.de\/wp-content\/uploads\/2014\/11\/Cover-Stadtmaus-itly_low.jpg?fit=640%2C816&amp;ssl=1\" class=\"alignleft wp-image-141 size-medium\" src=\"https:\/\/i0.wp.com\/www.ludwig-die-stadtmaus.de\/wp-content\/uploads\/2014\/11\/Cover-Stadtmaus-itly_low-235x300.jpg?resize=235%2C300\" alt=\"Cover-Stadtmaus-itly_low\" width=\"235\" height=\"300\" srcset=\"https:\/\/i0.wp.com\/www.ludwig-die-stadtmaus.de\/wp-content\/uploads\/2014\/11\/Cover-Stadtmaus-itly_low.jpg?resize=235%2C300&amp;ssl=1 235w, https:\/\/i0.wp.com\/www.ludwig-die-stadtmaus.de\/wp-content\/uploads\/2014\/11\/Cover-Stadtmaus-itly_low.jpg?resize=803%2C1024&amp;ssl=1 803w, https:\/\/i0.wp.com\/www.ludwig-die-stadtmaus.de\/wp-content\/uploads\/2014\/11\/Cover-Stadtmaus-itly_low.jpg?w=1500&amp;ssl=1 1500w, https:\/\/i0.wp.com\/www.ludwig-die-stadtmaus.de\/wp-content\/uploads\/2014\/11\/Cover-Stadtmaus-itly_low.jpg?w=1280&amp;ssl=1 1280w\" sizes=\"auto, (max-width: 235px) 100vw, 235px\" \/><\/a><em><br \/>\n<strong>Ludwig il topolino di citt\u00e0<\/strong><\/em><br \/>\n<em> Storia di Rastatt per bambini<br \/>\nHardcover<br \/>\nUmfang: 64 Seiten<br \/>\nFormat: 210 x 280 mm<br \/>\nAutor: Hans Peter Faller<br \/>\nErscheinungsjahr: 2014<\/em><\/h4>\n<p>&nbsp;<\/p>\n<h4><strong>EUR 18,00<br \/>\n<\/strong><\/h4>\n<h4><em>\u00a0<\/em><\/h4>\n<p><a href=\"https:\/\/i0.wp.com\/www.ludwig-die-stadtmaus.de\/wp-content\/uploads\/2016\/04\/Cover-Stadtmaus-1-France_klein.jpg\"><img data-recalc-dims=\"1\" loading=\"lazy\" decoding=\"async\" data-attachment-id=\"276\" data-permalink=\"https:\/\/www.ludwig-die-stadtmaus.de\/?attachment_id=276\" data-orig-file=\"https:\/\/i0.wp.com\/www.ludwig-die-stadtmaus.de\/wp-content\/uploads\/2016\/04\/Cover-Stadtmaus-1-France_klein.jpg?fit=2923%2C3692&amp;ssl=1\" data-orig-size=\"2923,3692\" data-comments-opened=\"1\" data-image-meta=\"{&quot;aperture&quot;:&quot;0&quot;,&quot;credit&quot;:&quot;&quot;,&quot;camera&quot;:&quot;&quot;,&quot;caption&quot;:&quot;&quot;,&quot;created_timestamp&quot;:&quot;0&quot;,&quot;copyright&quot;:&quot;&quot;,&quot;focal_length&quot;:&quot;0&quot;,&quot;iso&quot;:&quot;0&quot;,&quot;shutter_speed&quot;:&quot;0&quot;,&quot;title&quot;:&quot;&quot;,&quot;orientation&quot;:&quot;0&quot;}\" data-image-title=\"Cover-Stadtmaus-1&amp;#8212;France_klein\" data-image-description=\"\" data-image-caption=\"\" data-large-file=\"https:\/\/i0.wp.com\/www.ludwig-die-stadtmaus.de\/wp-content\/uploads\/2016\/04\/Cover-Stadtmaus-1-France_klein.jpg?fit=640%2C808&amp;ssl=1\" class=\"alignleft wp-image-276 size-medium\" src=\"https:\/\/i0.wp.com\/www.ludwig-die-stadtmaus.de\/wp-content\/uploads\/2016\/04\/Cover-Stadtmaus-1-France_klein-238x300.jpg?resize=238%2C300\" alt=\"Cover-Stadtmaus-1---France_klein\" width=\"238\" height=\"300\" srcset=\"https:\/\/i0.wp.com\/www.ludwig-die-stadtmaus.de\/wp-content\/uploads\/2016\/04\/Cover-Stadtmaus-1-France_klein.jpg?resize=238%2C300&amp;ssl=1 238w, https:\/\/i0.wp.com\/www.ludwig-die-stadtmaus.de\/wp-content\/uploads\/2016\/04\/Cover-Stadtmaus-1-France_klein.jpg?resize=768%2C970&amp;ssl=1 768w, https:\/\/i0.wp.com\/www.ludwig-die-stadtmaus.de\/wp-content\/uploads\/2016\/04\/Cover-Stadtmaus-1-France_klein.jpg?resize=811%2C1024&amp;ssl=1 811w, https:\/\/i0.wp.com\/www.ludwig-die-stadtmaus.de\/wp-content\/uploads\/2016\/04\/Cover-Stadtmaus-1-France_klein.jpg?w=1280&amp;ssl=1 1280w, https:\/\/i0.wp.com\/www.ludwig-die-stadtmaus.de\/wp-content\/uploads\/2016\/04\/Cover-Stadtmaus-1-France_klein.jpg?w=1920&amp;ssl=1 1920w\" sizes=\"auto, (max-width: 238px) 100vw, 238px\" \/><\/a><br \/>\n<strong><em>Louis la souris citadine<\/em><\/strong><br \/>\n<em>Hardcover<br \/>\n<\/em><em>Umfang: 64 Seiten<\/em><br \/>\n<em>Format: 210 x 280 mm<\/em><br \/>\n<em>Autor: Hans Peter Faller<\/em><br \/>\n<em>Erscheinungstermin: <span style=\"color: #000000;\">2016<\/span><br \/>\n<\/em><\/p>\n<p><strong>EUR 18,00<\/strong><\/p>\n<p>&nbsp;<\/p>\n<p>&nbsp;<\/p>\n<p><strong>Ludwig die Stadtmaus &#8211; Neue alte Geschichten<br \/>\n<\/strong>Ludwig die Stadtmaus und seine Freunde erleben Stadtgeschichte, wie sie kaum einer kennt. Wer wei\u00df denn etwas \u00fcber den Wettlauf der Hofdamen bei der Einweihung der Pagodenburg?<br \/>\nWer hat das tolle Schauspiel der Reliquienprozession der Markgr\u00e4fin Sibylla Augusta miterlebt?<br \/>\nWas sucht ein Einbrecher nachts im Wehrgeschichtlichen Museum?<\/p>\n<h4><a href=\"https:\/\/i0.wp.com\/www.ludwig-die-stadtmaus.de\/wp-content\/uploads\/2014\/11\/Cover-Ludwig21.jpg\"><img data-recalc-dims=\"1\" loading=\"lazy\" decoding=\"async\" data-attachment-id=\"225\" data-permalink=\"https:\/\/www.ludwig-die-stadtmaus.de\/?attachment_id=225\" data-orig-file=\"https:\/\/i0.wp.com\/www.ludwig-die-stadtmaus.de\/wp-content\/uploads\/2014\/11\/Cover-Ludwig21.jpg?fit=2978%2C3655&amp;ssl=1\" data-orig-size=\"2978,3655\" data-comments-opened=\"1\" data-image-meta=\"{&quot;aperture&quot;:&quot;0&quot;,&quot;credit&quot;:&quot;&quot;,&quot;camera&quot;:&quot;&quot;,&quot;caption&quot;:&quot;&quot;,&quot;created_timestamp&quot;:&quot;0&quot;,&quot;copyright&quot;:&quot;&quot;,&quot;focal_length&quot;:&quot;0&quot;,&quot;iso&quot;:&quot;0&quot;,&quot;shutter_speed&quot;:&quot;0&quot;,&quot;title&quot;:&quot;&quot;,&quot;orientation&quot;:&quot;1&quot;}\" data-image-title=\"Cover Ludwig2\" data-image-description=\"\" data-image-caption=\"\" data-large-file=\"https:\/\/i0.wp.com\/www.ludwig-die-stadtmaus.de\/wp-content\/uploads\/2014\/11\/Cover-Ludwig21.jpg?fit=640%2C786&amp;ssl=1\" class=\"alignleft wp-image-225\" src=\"https:\/\/i0.wp.com\/www.ludwig-die-stadtmaus.de\/wp-content\/uploads\/2014\/11\/Cover-Ludwig21-244x300.jpg?resize=238%2C293\" alt=\"Cover Ludwig2\" width=\"238\" height=\"293\" srcset=\"https:\/\/i0.wp.com\/www.ludwig-die-stadtmaus.de\/wp-content\/uploads\/2014\/11\/Cover-Ludwig21.jpg?resize=244%2C300&amp;ssl=1 244w, https:\/\/i0.wp.com\/www.ludwig-die-stadtmaus.de\/wp-content\/uploads\/2014\/11\/Cover-Ludwig21.jpg?resize=834%2C1024&amp;ssl=1 834w, https:\/\/i0.wp.com\/www.ludwig-die-stadtmaus.de\/wp-content\/uploads\/2014\/11\/Cover-Ludwig21.jpg?w=1280&amp;ssl=1 1280w, https:\/\/i0.wp.com\/www.ludwig-die-stadtmaus.de\/wp-content\/uploads\/2014\/11\/Cover-Ludwig21.jpg?w=1920&amp;ssl=1 1920w\" sizes=\"auto, (max-width: 238px) 100vw, 238px\" \/><\/a><br \/>\n<strong><em>Ludwig die Stadtmaus<\/em><\/strong><br \/>\n<em> Neue alte Geschichten<br \/>\nHardcover<br \/>\nUmfang: 96 Seiten<br \/>\nFormat: 210 x 280 mm<br \/>\nAutor: Hans Peter Faller<br \/>\nErscheinungsjahr: 2015<\/em><\/h4>\n<p><strong>EUR 19,50<\/strong><\/p>\n<p>&nbsp;<\/p>\n<p>&nbsp;<\/p>\n<p><strong>Ludwig die Stadtmaus &#8211; an Rhein und Murg<br \/>\n<\/strong>Erdbeerdiebe fangen in Gernsbach-Staufenberg; bei der Kienholzherstellung<br \/>\nin Bietigheim dabei sein; die Kr\u00e4utermaus Johanna in der Klosterapotheke Schwarzach besuchen und den Kuppenheimern helfen, ihre Stadt zu verteidigen; Eine Flo\u00dffahrt von Forbach nach Steinmauern organisieren und den Markgrafen Ludwig Wilhelm bei der Verteidigung der B\u00fchl-Stollhofener Linie unterst\u00fctzen. Dies und noch mehr erleben Ludwig und seine Freunde in \u201eLudwig, die Stadtmaus, an Rhein und Murg\u201c<\/p>\n<h4><a href=\"https:\/\/i0.wp.com\/www.ludwig-die-stadtmaus.de\/wp-content\/uploads\/2017\/10\/Stadtmaus3-Schatten.jpg\"><img data-recalc-dims=\"1\" loading=\"lazy\" decoding=\"async\" data-attachment-id=\"428\" data-permalink=\"https:\/\/www.ludwig-die-stadtmaus.de\/?attachment_id=428\" data-orig-file=\"https:\/\/i0.wp.com\/www.ludwig-die-stadtmaus.de\/wp-content\/uploads\/2017\/10\/Stadtmaus3-Schatten.jpg?fit=923%2C1127&amp;ssl=1\" data-orig-size=\"923,1127\" data-comments-opened=\"1\" data-image-meta=\"{&quot;aperture&quot;:&quot;0&quot;,&quot;credit&quot;:&quot;&quot;,&quot;camera&quot;:&quot;&quot;,&quot;caption&quot;:&quot;&quot;,&quot;created_timestamp&quot;:&quot;0&quot;,&quot;copyright&quot;:&quot;&quot;,&quot;focal_length&quot;:&quot;0&quot;,&quot;iso&quot;:&quot;0&quot;,&quot;shutter_speed&quot;:&quot;0&quot;,&quot;title&quot;:&quot;&quot;,&quot;orientation&quot;:&quot;1&quot;}\" data-image-title=\"Stadtmaus3 Schatten\" data-image-description=\"\" data-image-caption=\"\" data-large-file=\"https:\/\/i0.wp.com\/www.ludwig-die-stadtmaus.de\/wp-content\/uploads\/2017\/10\/Stadtmaus3-Schatten.jpg?fit=640%2C781&amp;ssl=1\" class=\"alignleft wp-image-428\" src=\"https:\/\/i0.wp.com\/www.ludwig-die-stadtmaus.de\/wp-content\/uploads\/2017\/10\/Stadtmaus3-Schatten-246x300.jpg?resize=233%2C284\" alt=\"\" width=\"233\" height=\"284\" srcset=\"https:\/\/i0.wp.com\/www.ludwig-die-stadtmaus.de\/wp-content\/uploads\/2017\/10\/Stadtmaus3-Schatten.jpg?resize=246%2C300&amp;ssl=1 246w, https:\/\/i0.wp.com\/www.ludwig-die-stadtmaus.de\/wp-content\/uploads\/2017\/10\/Stadtmaus3-Schatten.jpg?resize=768%2C938&amp;ssl=1 768w, https:\/\/i0.wp.com\/www.ludwig-die-stadtmaus.de\/wp-content\/uploads\/2017\/10\/Stadtmaus3-Schatten.jpg?resize=839%2C1024&amp;ssl=1 839w, https:\/\/i0.wp.com\/www.ludwig-die-stadtmaus.de\/wp-content\/uploads\/2017\/10\/Stadtmaus3-Schatten.jpg?w=923&amp;ssl=1 923w\" sizes=\"auto, (max-width: 233px) 100vw, 233px\" \/><\/a><strong><em>Ludwig die Stadtmaus<\/em><\/strong><br \/>\n<em>an Rhein und Murg<br \/>\nHardcover<br \/>\nUmfang: 96 Seiten<br \/>\nFormat: 210 x 280 mm<br \/>\nAutor: Hans Peter Faller<br \/>\nErscheinungsjahr: Oktober 2017<br \/>\n<\/em><\/h4>\n<p><strong>EUR 19,50<\/strong><\/p>\n<p>&nbsp;<\/p>\n<p>&nbsp;<\/p>\n<p><strong>Ludwig die Stadtmaus &#8211; Holzschuhregatta auf dem Auer Altrhein<\/strong><br \/>\n1200 Jahre ist es her, dass in einer Schenkungsurkunde erstmals unser Dorf auf einem Wiesengel\u00e4nde, einer Au am Rhein, erw\u00e4hnt wird. Fischer und Schiffer hatten sich auf dem Gebiet der Auen und Inseln, der Auenw\u00e4lder und Altrheinarme angesiedelt.<br \/>\nHochwasser und Fiebererkrankungen waren st\u00e4ndige Bedrohungen f\u00fcr die Dorfbewohner.<br \/>\nDiese und weitere spannende Geschichten von Ludwig und der Holzschuhregatte findet ihr in unserem neuen Buch rund um Au am Rhein.<\/p>\n<h4><a href=\"https:\/\/i0.wp.com\/www.ludwig-die-stadtmaus.de\/wp-content\/uploads\/2019\/02\/Cover-Holzschuhregatta_low.jpg?ssl=1\"><img data-recalc-dims=\"1\" loading=\"lazy\" decoding=\"async\" data-attachment-id=\"621\" data-permalink=\"https:\/\/www.ludwig-die-stadtmaus.de\/?attachment_id=621\" data-orig-file=\"https:\/\/i0.wp.com\/www.ludwig-die-stadtmaus.de\/wp-content\/uploads\/2019\/02\/Cover-Holzschuhregatta_low.jpg?fit=831%2C1061&amp;ssl=1\" data-orig-size=\"831,1061\" data-comments-opened=\"1\" data-image-meta=\"{&quot;aperture&quot;:&quot;0&quot;,&quot;credit&quot;:&quot;&quot;,&quot;camera&quot;:&quot;&quot;,&quot;caption&quot;:&quot;&quot;,&quot;created_timestamp&quot;:&quot;0&quot;,&quot;copyright&quot;:&quot;&quot;,&quot;focal_length&quot;:&quot;0&quot;,&quot;iso&quot;:&quot;0&quot;,&quot;shutter_speed&quot;:&quot;0&quot;,&quot;title&quot;:&quot;&quot;,&quot;orientation&quot;:&quot;1&quot;}\" data-image-title=\"Cover Holzschuhregatta_low\" data-image-description=\"\" data-image-caption=\"\" data-large-file=\"https:\/\/i0.wp.com\/www.ludwig-die-stadtmaus.de\/wp-content\/uploads\/2019\/02\/Cover-Holzschuhregatta_low.jpg?fit=640%2C817&amp;ssl=1\" class=\"alignleft wp-image-621\" src=\"https:\/\/i0.wp.com\/www.ludwig-die-stadtmaus.de\/wp-content\/uploads\/2019\/02\/Cover-Holzschuhregatta_low.jpg?resize=222%2C284&#038;ssl=1\" alt=\"\" width=\"222\" height=\"284\" srcset=\"https:\/\/i0.wp.com\/www.ludwig-die-stadtmaus.de\/wp-content\/uploads\/2019\/02\/Cover-Holzschuhregatta_low.jpg?resize=235%2C300&amp;ssl=1 235w, https:\/\/i0.wp.com\/www.ludwig-die-stadtmaus.de\/wp-content\/uploads\/2019\/02\/Cover-Holzschuhregatta_low.jpg?resize=768%2C981&amp;ssl=1 768w, https:\/\/i0.wp.com\/www.ludwig-die-stadtmaus.de\/wp-content\/uploads\/2019\/02\/Cover-Holzschuhregatta_low.jpg?resize=802%2C1024&amp;ssl=1 802w, https:\/\/i0.wp.com\/www.ludwig-die-stadtmaus.de\/wp-content\/uploads\/2019\/02\/Cover-Holzschuhregatta_low.jpg?w=831&amp;ssl=1 831w\" sizes=\"auto, (max-width: 222px) 100vw, 222px\" \/><\/a><strong><em>Ludwig die Stadtmaus<\/em><\/strong><br \/>\n<em>Holzschuhregatta auf dem Auer Altrhein<br \/>\nBroschur<br \/>\nUmfang: 28 Seiten<br \/>\nFormat: 210 x 280 mm<br \/>\nAutor: Hans Peter Faller<br \/>\nErscheinungsjahr: Januar 2019<\/em><\/h4>\n<p><strong>EUR 12,00<\/strong> (derzeit vergriffen)<\/p>\n<p>&nbsp;<\/p>\n<p>&nbsp;<\/p>\n<p><strong>Ludwig die Stadtmaus &#8211; von Hochwassern, Masken,<br \/>\nGl\u00fchw\u00fcrmchen und wilden Orchideen<br \/>\n<\/strong>Neue Abenteuer erleben Ludwig die Stadtmaus und seine Freunde Siri und Bonnie, Matteo und Lennox, sowie Mae\u0308llo, und Manolo in Rastatt, Durmersheim, Elchesheim-Illingen, in Sinzheim, Baden-Baden und Iffezheim.<\/p>\n<p><a href=\"https:\/\/i0.wp.com\/www.ludwig-die-stadtmaus.de\/wp-content\/uploads\/2023\/05\/Cover4-neu.jpg?ssl=1\"><img data-recalc-dims=\"1\" loading=\"lazy\" decoding=\"async\" data-attachment-id=\"914\" data-permalink=\"https:\/\/www.ludwig-die-stadtmaus.de\/?attachment_id=914\" data-orig-file=\"https:\/\/i0.wp.com\/www.ludwig-die-stadtmaus.de\/wp-content\/uploads\/2023\/05\/Cover4-neu.jpg?fit=993%2C1338&amp;ssl=1\" data-orig-size=\"993,1338\" data-comments-opened=\"1\" data-image-meta=\"{&quot;aperture&quot;:&quot;0&quot;,&quot;credit&quot;:&quot;&quot;,&quot;camera&quot;:&quot;&quot;,&quot;caption&quot;:&quot;&quot;,&quot;created_timestamp&quot;:&quot;0&quot;,&quot;copyright&quot;:&quot;&quot;,&quot;focal_length&quot;:&quot;0&quot;,&quot;iso&quot;:&quot;0&quot;,&quot;shutter_speed&quot;:&quot;0&quot;,&quot;title&quot;:&quot;&quot;,&quot;orientation&quot;:&quot;1&quot;}\" data-image-title=\"Cover4-neu\" data-image-description=\"\" data-image-caption=\"\" data-large-file=\"https:\/\/i0.wp.com\/www.ludwig-die-stadtmaus.de\/wp-content\/uploads\/2023\/05\/Cover4-neu.jpg?fit=640%2C862&amp;ssl=1\" class=\"alignleft wp-image-914 size-medium\" src=\"https:\/\/i0.wp.com\/www.ludwig-die-stadtmaus.de\/wp-content\/uploads\/2023\/05\/Cover4-neu.jpg?resize=223%2C300&#038;ssl=1\" alt=\"\" width=\"223\" height=\"300\" srcset=\"https:\/\/i0.wp.com\/www.ludwig-die-stadtmaus.de\/wp-content\/uploads\/2023\/05\/Cover4-neu.jpg?resize=223%2C300&amp;ssl=1 223w, https:\/\/i0.wp.com\/www.ludwig-die-stadtmaus.de\/wp-content\/uploads\/2023\/05\/Cover4-neu.jpg?resize=760%2C1024&amp;ssl=1 760w, https:\/\/i0.wp.com\/www.ludwig-die-stadtmaus.de\/wp-content\/uploads\/2023\/05\/Cover4-neu.jpg?resize=768%2C1035&amp;ssl=1 768w, https:\/\/i0.wp.com\/www.ludwig-die-stadtmaus.de\/wp-content\/uploads\/2023\/05\/Cover4-neu.jpg?w=993&amp;ssl=1 993w\" sizes=\"auto, (max-width: 223px) 100vw, 223px\" \/><\/a><strong><em>Ludwig die Stadtmaus<\/em><\/strong><br \/>\n<em>von Hochwassern, Masken,<br \/>\nGl\u00fchw\u00fcrmchen und wilden Orchideen<br \/>\nHardcover<br \/>\nUmfang: 96 Seiten<br \/>\nFormat: 210 x 280 mm<br \/>\nAutor: Hans Peter Faller<br \/>\nErscheinungsjahr: Oktober 2020<\/em><\/p>\n<p><strong>EUR 19,50<\/strong><\/p>\n<p>&nbsp;<\/p>\n<h4><strong><em><br \/>\n<a href=\"https:\/\/i0.wp.com\/www.ludwig-die-stadtmaus.de\/wp-content\/uploads\/2024\/01\/Stadtmaus-leichet-Sprache-Cover-mit-Schatten.jpg?ssl=1\"><img data-recalc-dims=\"1\" loading=\"lazy\" decoding=\"async\" data-attachment-id=\"939\" data-permalink=\"https:\/\/www.ludwig-die-stadtmaus.de\/?attachment_id=939\" data-orig-file=\"https:\/\/i0.wp.com\/www.ludwig-die-stadtmaus.de\/wp-content\/uploads\/2024\/01\/Stadtmaus-leichet-Sprache-Cover-mit-Schatten.jpg?fit=1132%2C1453&amp;ssl=1\" data-orig-size=\"1132,1453\" data-comments-opened=\"1\" data-image-meta=\"{&quot;aperture&quot;:&quot;0&quot;,&quot;credit&quot;:&quot;&quot;,&quot;camera&quot;:&quot;&quot;,&quot;caption&quot;:&quot;&quot;,&quot;created_timestamp&quot;:&quot;0&quot;,&quot;copyright&quot;:&quot;&quot;,&quot;focal_length&quot;:&quot;0&quot;,&quot;iso&quot;:&quot;0&quot;,&quot;shutter_speed&quot;:&quot;0&quot;,&quot;title&quot;:&quot;&quot;,&quot;orientation&quot;:&quot;1&quot;}\" data-image-title=\"Stadtmaus leichet Sprache Cover mit Schatten\" data-image-description=\"\" data-image-caption=\"\" data-large-file=\"https:\/\/i0.wp.com\/www.ludwig-die-stadtmaus.de\/wp-content\/uploads\/2024\/01\/Stadtmaus-leichet-Sprache-Cover-mit-Schatten.jpg?fit=640%2C821&amp;ssl=1\" class=\"alignleft wp-image-939\" src=\"https:\/\/i0.wp.com\/www.ludwig-die-stadtmaus.de\/wp-content\/uploads\/2024\/01\/Stadtmaus-leichet-Sprache-Cover-mit-Schatten.jpg?resize=228%2C292&#038;ssl=1\" alt=\"\" width=\"228\" height=\"292\" srcset=\"https:\/\/i0.wp.com\/www.ludwig-die-stadtmaus.de\/wp-content\/uploads\/2024\/01\/Stadtmaus-leichet-Sprache-Cover-mit-Schatten.jpg?resize=234%2C300&amp;ssl=1 234w, https:\/\/i0.wp.com\/www.ludwig-die-stadtmaus.de\/wp-content\/uploads\/2024\/01\/Stadtmaus-leichet-Sprache-Cover-mit-Schatten.jpg?resize=798%2C1024&amp;ssl=1 798w, https:\/\/i0.wp.com\/www.ludwig-die-stadtmaus.de\/wp-content\/uploads\/2024\/01\/Stadtmaus-leichet-Sprache-Cover-mit-Schatten.jpg?resize=768%2C986&amp;ssl=1 768w, https:\/\/i0.wp.com\/www.ludwig-die-stadtmaus.de\/wp-content\/uploads\/2024\/01\/Stadtmaus-leichet-Sprache-Cover-mit-Schatten.jpg?w=1132&amp;ssl=1 1132w\" sizes=\"auto, (max-width: 228px) 100vw, 228px\" \/><\/a>Ludwig die Stadtmaus<\/em><\/strong><br \/>\n<em>in leichter Sprache<br \/>\nBroschur<br \/>\nUmfang: 28 Seiten<br \/>\nFormat: 210 x 280 mm<br \/>\nAutor: Hans Peter Faller<br \/>\nErscheinungsjahr: November 2023<br \/>\n<\/em><\/h4>\n<p><strong>EUR 10,50<\/strong><\/p>\n<p>&nbsp;<\/p>\n<p>&nbsp;<\/p>\n<h5><em>alle Preise inkl. 7% Mehrwertsteuer<\/em><\/h5>\n","protected":false},"excerpt":{"rendered":"<p>Ludwig die Stadtmaus &#8211; Stadtgeschichten f\u00fcr Kinder in Rastatt Ludwig die Stadtmaus erlebt mit seinen Freunden Siri, der Schlossmaus und Matteo, dem Turmfalken Rastatt in der Zeit des Markgrafen Ludwig Wilhelm und der Markgr\u00e4fin Sibylla Augusta. Die Tiere beobachten den &hellip; <a href=\"https:\/\/www.ludwig-die-stadtmaus.de\/?page_id=132\">Weiterlesen <span class=\"meta-nav\">&rarr;<\/span><\/a><\/p>\n","protected":false},"author":2,"featured_media":0,"parent":0,"menu_order":2,"comment_status":"closed","ping_status":"closed","template":"","meta":{"jetpack_post_was_ever_published":false,"footnotes":""},"class_list":["post-132","page","type-page","status-publish","hentry"],"jetpack_sharing_enabled":true,"jetpack_shortlink":"https:\/\/wp.me\/P8feVa-28","jetpack-related-posts":[{"id":495,"url":"https:\/\/www.ludwig-die-stadtmaus.de\/?page_id=495","url_meta":{"origin":132,"position":0},"title":"Impressum","author":"Falko","date":"12. Januar 2018","format":false,"excerpt":"Hans Peter Faller Mainstra\u00dfe 4 76437 Rastatt Telefon: 07222\/37601 E-Mail: info@ludwig-die-stadtmaus.de Verantwortlich f\u00fcr den Inhalt (gem. \u00a7 55 Abs. 2 RStV): Hans Peter Faller Mainstra\u00dfe 4 76437 Rastatt Technische Umsetzung: Media4Baden Disclaimer \u2013 rechtliche Hinweise \u00a7 1 Warnhinweis zu Inhalten Die kostenlosen und frei zug\u00e4nglichen Inhalte dieser Webseite wurden mit\u2026","rel":"","context":"\u00c4hnlicher Beitrag","block_context":{"text":"\u00c4hnlicher Beitrag","link":""},"img":{"alt_text":"","src":"","width":0,"height":0},"classes":[]},{"id":499,"url":"https:\/\/www.ludwig-die-stadtmaus.de\/?page_id=499","url_meta":{"origin":132,"position":1},"title":"Datenschutzerkl\u00e4rung","author":"Falko","date":"12. Januar 2018","format":false,"excerpt":"Verantwortliche Stelle im Sinne der Datenschutzgesetze ist: Hans Peter Faller Mainstra\u00dfe 4 76437 Rastatt Telefon: 07222\/37601 Erfassung allgemeiner Informationen Wenn Sie auf unsere Webseite zugreifen, werden automatisch Informationen allgemeiner Natur erfasst. Diese Informationen (Server-Logfiles) beinhalten etwa die Art des Webbrowsers, das verwendete Betriebssystem, den Domainnamen Ihres Internet Service Providers und\u2026","rel":"","context":"\u00c4hnlicher Beitrag","block_context":{"text":"\u00c4hnlicher Beitrag","link":""},"img":{"alt_text":"","src":"","width":0,"height":0},"classes":[]}],"_links":{"self":[{"href":"https:\/\/www.ludwig-die-stadtmaus.de\/index.php?rest_route=\/wp\/v2\/pages\/132","targetHints":{"allow":["GET"]}}],"collection":[{"href":"https:\/\/www.ludwig-die-stadtmaus.de\/index.php?rest_route=\/wp\/v2\/pages"}],"about":[{"href":"https:\/\/www.ludwig-die-stadtmaus.de\/index.php?rest_route=\/wp\/v2\/types\/page"}],"author":[{"embeddable":true,"href":"https:\/\/www.ludwig-die-stadtmaus.de\/index.php?rest_route=\/wp\/v2\/users\/2"}],"replies":[{"embeddable":true,"href":"https:\/\/www.ludwig-die-stadtmaus.de\/index.php?rest_route=%2Fwp%2Fv2%2Fcomments&post=132"}],"version-history":[{"count":75,"href":"https:\/\/www.ludwig-die-stadtmaus.de\/index.php?rest_route=\/wp\/v2\/pages\/132\/revisions"}],"predecessor-version":[{"id":943,"href":"https:\/\/www.ludwig-die-stadtmaus.de\/index.php?rest_route=\/wp\/v2\/pages\/132\/revisions\/943"}],"wp:attachment":[{"href":"https:\/\/www.ludwig-die-stadtmaus.de\/index.php?rest_route=%2Fwp%2Fv2%2Fmedia&parent=132"}],"curies":[{"name":"wp","href":"https:\/\/api.w.org\/{rel}","templated":true}]}}